{"id":45629,"date":"2019-07-09T10:38:02","date_gmt":"2019-07-09T10:38:02","guid":{"rendered":"https:\/\/xn--daocerebral-2db.es\/?page_id=45629"},"modified":"2026-09-04T13:15:43","modified_gmt":"2026-09-04T11:15:43","slug":"hermanas-hospitalarias-publica-la-memoria-de-la-red-menni","status":"publish","type":"page","link":"https:\/\/xn--daocerebral-2db.es\/ca\/hermanas-hospitalarias-publica-la-memoria-de-la-red-menni\/","title":{"rendered":"Memoria 2025: un a\u00f1o para avanzar, crecer e innovar"},"content":{"rendered":"<h4><span style=\"color: #72787c;\"><strong>Transferencia de conocimiento, mejora de los procedimientos cotidianos y mayor identificaci\u00f3n de nuestros equipos con la Red<\/strong><\/span><\/h4>\r\n<p class=\"isselectedend\">En 2025 iniciamos una nueva etapa como <strong>Red de Da\u00f1o Cerebral y Neurorrehabilitaci\u00f3n de Fundaci\u00f3n Hospitalarias<\/strong>, bajo un paraguas institucional unificado. Fue tambi\u00e9n nuestro primer a\u00f1o completo de trabajo de la Comisi\u00f3n Ejecutiva y de despliegue del Plan de desarrollo, con el objetivo de seguir avanzando en red de forma m\u00e1s coordinada, especializada y orientada a las necesidades de las personas con da\u00f1o cerebral.<\/p>\r\n<p class=\"isselectedend\">Durante este ejercicio centramos una parte importante de nuestro esfuerzo en las <strong>personas y el talento profesional<\/strong>, porque atraer, desarrollar y retener el talento es fundamental para nuestro futuro y, sobre todo, para garantizar la mejor atenci\u00f3n. Tambi\u00e9n avanzamos en la transferencia de conocimiento y en la mejora de nuestros procedimientos, con iniciativas como la elaboraci\u00f3n de un documento de evaluaci\u00f3n com\u00fan para el \u00e1rea de terapia ocupacional en toda la Red.<\/p>\r\n<p class=\"isselectedend\">2025 fue adem\u00e1s el a\u00f1o en el que incorporamos <a href=\"https:\/\/da\u00f1ocerebral.es\/fundacion-hospitalarias\/red-de-dca-y-neurorrehabilitacion-cataluna\/\" target=\"_blank\" rel=\"noopener\"><strong>Fundaci\u00f3 Hospital\u00e0ries Martorell<\/strong><\/a> a nuestra Red, un paso que nos permite ampliar nuestras capacidades y desarrollar nuevos proyectos espec\u00edficos de tratamiento para personas con ictus atendidas en unidades de atenci\u00f3n intermedia. Al mismo tiempo, trabajamos en el dise\u00f1o de nuestros servicios y en nuevas oportunidades de futuro, entre las que destacan la <strong>telerrehabilitaci\u00f3n y la inteligencia artificial<\/strong>.<\/p>\r\n<p class=\"isselectedend\">Durante el ejercicio, <strong>atendimos a 3.011 personas y realizamos 144.192 consultas y sesiones<\/strong> en nuestras diferentes modalidades asistenciales.<\/p>\r\n<h4><strong><a class=\"dt-pswp-item\" href=\"https:\/\/xn--daocerebral-2db.es\/wp-content\/uploads\/2026\/09\/HH_Memoria_DanoCerebral_2025_04-DEFINITIVA.pdf\" data-dt-img-description=\"\" data-large_image_width=\"475\" data-large_image_height=\"635\"><img loading=\"lazy\" decoding=\"async\" class=\"alignright wp-image-99595 size-full\" src=\"https:\/\/xn--daocerebral-2db.es\/wp-content\/uploads\/2026\/09\/Portada-Memoria-RED-DC-2025.jpg\" alt=\"\" width=\"475\" height=\"635\" srcset=\"https:\/\/xn--daocerebral-2db.es\/wp-content\/uploads\/2026\/09\/Portada-Memoria-RED-DC-2025.jpg 475w, https:\/\/xn--daocerebral-2db.es\/wp-content\/uploads\/2026\/09\/Portada-Memoria-RED-DC-2025-224x300.jpg 224w\" sizes=\"auto, (max-width: 475px) 100vw, 475px\" \/><\/a>Apuesta por la innovaci\u00f3n, la docencia y la investigaci\u00f3n<\/strong><\/h4>\r\n<p>Por octavo a\u00f1o consecutivo, <a href=\"https:\/\/fundacionhospitalarias.org\/es\" target=\"_blank\" rel=\"noopener\">Fundaci\u00f3n Hospitalarias<\/a>\u00a0recoge los objetivos y datos m\u00e1s significativos de nuestros centros de rehabilitaci\u00f3n del da\u00f1o cerebral.<\/p>\r\n<p>Nuestra Red <a href=\"https:\/\/da\u00f1ocerebral.es\/la-red-menni-celebra-en-el-guggenheim-los-25-anos-de-su-primer-servicio-de-dano-cerebral\/\" target=\"_blank\" rel=\"noopener\">inici\u00f3 su andadura en 1992<\/a> y agrupa a los centros de la instituci\u00f3n que han creado <a href=\"https:\/\/xn--daocerebral-2db.es\/ca\/la-xarxa-menni\/\" target=\"_blank\" rel=\"noopener\"> Servicios especializados en la rehabilitaci\u00f3n y cuidado de personas con lesiones cerebrales<\/a>.<\/p>\r\n<p class=\"isselectedend\">Nuestra actividad asistencial se complementa con una firme apuesta por la <strong>docencia, la <a href=\"https:\/\/da\u00f1ocerebral.es\/publicaciones\/\" target=\"_blank\" rel=\"noopener\">investigaci\u00f3n<\/a> y la innovaci\u00f3n<\/strong>, integradas en nuestro trabajo cotidiano como una v\u00eda para seguir mejorando la atenci\u00f3n que ofrecemos.<\/p>\r\n<p class=\"isselectedend\">As\u00ed, en 2025 mantuvimos <strong>convenios de colaboraci\u00f3n con m\u00e1s de 50 universidades<\/strong> y continuamos desarrollando proyectos de investigaci\u00f3n en diferentes \u00e1mbitos del da\u00f1o cerebral y la neurorrehabilitaci\u00f3n. Entre ellos destaca <a href=\"https:\/\/xn--daocerebral-2db.es\/ca\/publicacion\/ia4ictus-nuevo-paradigma-de-neurorrehabilitacion-de-precision-apoyado-por-ia\/\" target=\"_blank\" rel=\"noopener\"><strong>IA4ICTUS<\/strong><\/a>, un proyecto orientado a aplicar la inteligencia artificial a la personalizaci\u00f3n del proceso neurorrehabilitador despu\u00e9s de un ictus. Tambi\u00e9n trabajamos en proyectos relacionados con la actividad f\u00edsica, la neuromodulaci\u00f3n no invasiva y la rehabilitaci\u00f3n cognitiva.<\/p>\r\n<p class=\"isselectedend\">Adem\u00e1s, durante el ejercicio <strong>nuestros profesionales desarrollaron tres tesis doctorales<\/strong> relacionadas con la neuromodulaci\u00f3n y la rehabilitaci\u00f3n cognitiva, la apat\u00eda y las funciones ejecutivas, y publicaron diferentes trabajos cient\u00edficos en revistas especializadas sobre da\u00f1o cerebral adquirido, ictus y neurorrehabilitaci\u00f3n.<\/p>\r\n<p>Cara a 2026, la Red mantiene como objetivos la <strong>mejora de los procedimientos cotidianos, la transferencia de conocimiento y una mayor identificaci\u00f3n de los profesionales con la Red<\/strong>, al tiempo que la inteligencia artificial se incorpora progresivamente como una herramienta con potencial para facilitar y personalizar nuestros programas de tratamiento.<\/p>\r\n<h4><strong>Las cifras de 2025<\/strong><\/h4>\r\n<p>La Memoria 2025 refleja un a\u00f1o de <strong>consolidaci\u00f3n y crecimiento de la Red de Da\u00f1o Cerebral y Neurorrehabilitaci\u00f3n de Fundaci\u00f3n Hospitalarias<\/strong>, con una actividad asistencial que supera las <strong>3.000 personas atendidas y las 144.000 consultas y sesiones<\/strong>, y con el reto de seguir avanzando en la coordinaci\u00f3n, la transferencia de conocimiento y la innovaci\u00f3n.<\/p>\r\n<p>&nbsp;<\/p>\r\n<p><br \/><a class=\"dt-pswp-item\" href=\"https:\/\/xn--daocerebral-2db.es\/wp-content\/uploads\/2026\/09\/Cifras-Memoria-RED-DC-2025-300x200.jpg\" target=\"_blank\" rel=\"noopener\" data-dt-img-description=\"\" data-large_image_width=\"1024\" data-large_image_height=\"681\"><img loading=\"lazy\" decoding=\"async\" class=\"alignleft wp-image-99591\" src=\"https:\/\/xn--daocerebral-2db.es\/wp-content\/uploads\/2026\/09\/Cifras-Memoria-RED-DC-2025-300x200.jpg\" alt=\"\" width=\"650\" height=\"432\" srcset=\"https:\/\/xn--daocerebral-2db.es\/wp-content\/uploads\/2026\/09\/Cifras-Memoria-RED-DC-2025-300x200.jpg 300w, https:\/\/xn--daocerebral-2db.es\/wp-content\/uploads\/2026\/09\/Cifras-Memoria-RED-DC-2025-768x511.jpg 768w, https:\/\/xn--daocerebral-2db.es\/wp-content\/uploads\/2026\/09\/Cifras-Memoria-RED-DC-2025.jpg 1024w\" sizes=\"auto, (max-width: 650px) 100vw, 650px\" \/><\/a><\/p>\r\n<ul>\r\n<li style=\"list-style-type: none;\">\r\n<ul>\r\n<li><a href=\"https:\/\/fundacionhospitalariasmadrid.org\/\" target=\"_blank\" rel=\"noopener\">Fundaci\u00f3n Hospitalarias Madrid<\/a> (antes, Hospital Beata Mar\u00eda Ana)<\/li>\r\n<li><a href=\"https:\/\/ospitalarioakfundazioaeuskadi.org\/es\/\" target=\"_blank\" rel=\"noopener\">Ospitalarioak Fundazioa Euskadi<\/a> (antes, Hermanas Hospitalarias Aita Menni)<\/li>\r\n<li><a href=\"http:\/\/www.benitomenni.org\/\" target=\"_blank\" rel=\"noopener\">Fundaci\u00f3n Hospitalarias Valladolid<\/a> (antes, Centro Hospitalario Benito Menni)<\/li>\r\n<li><a href=\"https:\/\/fundacionhospitalariasvalencia.org\/\" target=\"_blank\" rel=\"noopener\">Fundaci\u00f3n Hospitalarias Valencia<\/a> (antes, Centro Sociosanitario Nuestra Se\u00f1ora del Carmen)<\/li>\r\n<li><a href=\"https:\/\/fundacionhospitalariastenerife.org\/\" target=\"_blank\" rel=\"noopener\">Fundaci\u00f3n Hospitalarias Tenerife<\/a> (antes, Complejo Acam\u00e1n)<\/li>\r\n<li><a href=\"https:\/\/www.fundacionhospitalariascantabria.org\/\" target=\"_blank\" rel=\"noopener\">Fundaci\u00f3n Hospitalarias Cantabria<\/a> (antes, Centro Hospitalario Padre Menni Santander)<\/li>\r\n<li><a href=\"https:\/\/fundaciohospitalariesmartorell.org\/\" target=\"_blank\" rel=\"noopener\">Fundaci\u00f3 Hospital\u00e0ries Martorell <\/a>(antes, Hospital Sagrat Cor)<\/li>\r\n<li>\u00a0<\/li>\r\n<\/ul>\r\n<\/li>\r\n<\/ul>\r\n<p>Y sus centros afines:<\/p>\r\n<ul>\r\n<li style=\"list-style-type: none;\">\r\n<ul>\r\n<li><a href=\"https:\/\/fundacionhospitalariasmalaga.org\/\" target=\"_blank\" rel=\"noopener\">Fundaci\u00f3n Hospitalarias M\u00e1laga<\/a> (antes, Centro Asistencial Hermanas Hospitalarias M\u00e1laga)<\/li>\r\n<li><a href=\"https:\/\/fundacionhospitalariaspalencia.org\/\" target=\"_blank\" rel=\"noopener\">Fundaci\u00f3n Hospitalarias Palencia<\/a> (antes, Centro Sociosanitario Hermanas Hospitalarias Palencia)<\/li>\r\n<\/ul>\r\n<\/li>\r\n<\/ul>\r\n<h4><strong>Cartera de servicios<\/strong><\/h4>\r\n<p>La <strong>Red de Da\u00f1o Cerebral y Neurorrehabilitaci\u00f3n de Fundaci\u00f3n Hospitalarias <\/strong>fomenta el desarrollo de Servicios de rehabilitaci\u00f3n de excelencia para personas con da\u00f1o cerebral en el seno de los centros de Fundaci\u00f3n Hospitalarias Espa\u00f1a. Para ello hace uso del conocimiento y la experiencia de los centros decanos y trata de transferirlos con rapidez a todos los centros. Su car\u00e1cter pionero en nuestro pa\u00eds y el amplio reconocimiento a la calidad prestada nos permiten aspirar a seguir siendo referentes en el panorama nacional.<\/p>\r\n<p>En nuestra Red aunamos competencia t\u00e9cnica y calidad humana para rehabilitar, acompa\u00f1ar y cuidar a personas con da\u00f1o cerebral. Nuestros centros son el resultado de la combinaci\u00f3n de tradici\u00f3n de servicio al paciente con impulso innovador en la asistencia.<\/p>\r\n<h4>Servicios centrales<\/h4>\r\n<p>Nuestras <strong>Unidades de hospitalizaci\u00f3n<\/strong> disponen de entre 19 y 36 camas dedicadas a la rehabilitaci\u00f3n multidisciplinar de personas con da\u00f1o cerebral en la fase subaguda. Los pacientes presentan habitualmente d\u00e9ficits de trauma craneal o de ictus.\u00a0<\/p>\r\n<p>En nuestras <strong>Unidades de rehabilitaci\u00f3n ambulatoria<\/strong> de personas con DCA, la rehabilitaci\u00f3n multidisciplinar se puede llevar a cabo en el centro de rehabilitaci\u00f3n, en el domicilio del paciente o en la comunidad.\u00a0La composici\u00f3n del equipo tambi\u00e9n es multidisciplinar. La duraci\u00f3n de los tratamientos es de varios meses aunque no se excluyen programas de mantenimiento de mayor duraci\u00f3n.<\/p>\r\n<h4>Otros Servicios<a class=\"dt-pswp-item\" href=\"https:\/\/xn--daocerebral-2db.es\/wp-content\/uploads\/2024\/01\/Rehabilitacion-infantil.jpg\" data-dt-img-description=\"\" data-large_image_width=\"360\" data-large_image_height=\"636\"><img loading=\"lazy\" decoding=\"async\" class=\"alignright size-full wp-image-68845\" src=\"https:\/\/xn--daocerebral-2db.es\/wp-content\/uploads\/2024\/01\/Rehabilitacion-infantil.jpg\" alt=\"\" width=\"360\" height=\"636\" srcset=\"https:\/\/xn--daocerebral-2db.es\/wp-content\/uploads\/2024\/01\/Rehabilitacion-infantil.jpg 360w, https:\/\/xn--daocerebral-2db.es\/wp-content\/uploads\/2024\/01\/Rehabilitacion-infantil-170x300.jpg 170w\" sizes=\"auto, (max-width: 360px) 100vw, 360px\" \/><\/a><\/h4>\r\n<p><strong>Unidades de rehabilitaci\u00f3n infantil<\/strong>. Estas unidades tienen su raz\u00f3n de ser en la atenci\u00f3n especializada a ni\u00f1os y ni\u00f1as con lesi\u00f3n cerebral adquirida o con trastornos del desarrollo. Esta \u00faltima etiolog\u00eda (trastornos del desarrollo) es una categor\u00eda muy amplia que incluye problemas perinatales, alteraciones cromos\u00f3micas, enfermedades raras o trastornos conductuales y del aprendizaje.<strong>\u00a0<\/strong>En sentido estricto, por tanto, no son personas con da\u00f1o cerebral adquirido, pero las necesidades que plantean y las realidades epidemiol\u00f3gicas han aconsejado dar una respuesta conjunta (da\u00f1o cerebral infantil junto a trastornos del desarrollo de etiolog\u00eda m\u00faltiple). Mantienen en com\u00fan con los Servicios de adultos el car\u00e1cter monogr\u00e1fico, rehabilitador y multidisciplinar; los tratamientos son menos intensivos y se prolongan mucho m\u00e1s en el tiempo.<\/p>\r\n<p><strong>Centros de d\u00eda para personas con da\u00f1o cerebral y otras discapacidades neurol\u00f3gicas<\/strong>. En estos dispositivos se presta atenci\u00f3n diurna, de ma\u00f1ana y tarde, a personas con grave discapacidad derivada de lesiones cerebrales y otras discapacidades de origen neurol\u00f3gico. A la tarea de cuidados, al ocio y a la de descarga familiar, se a\u00f1aden otras que tienen que ver con el mantenimiento o la potenciaci\u00f3n de capacidades. Tambi\u00e9n se asesora en la incorporaci\u00f3n de productos de apoyo y en <a href=\"https:\/\/xn--daocerebral-2db.es\/ca\/publicacion\/como-hacer-del-bano-una-estancia-accesible\/\" target=\"_blank\" rel=\"noopener\">adaptaciones de los domicilios<\/a>.<\/p>\r\n<h4>Servicios afines<\/h4>\r\n<p>Son servicios m\u00e1s polivalentes que atienden a algunas personas con lesi\u00f3n cerebral y a otras con otras problem\u00e1ticas. Pueden ser Servicios ubicados en hospitales que ya cuentan con Servicios de da\u00f1o cerebral, en cuyo caso pueden alimentarse de la pericia de dichos servicios y generar sinergias en las \u00e1reas de formaci\u00f3n; o ubicarse en hospitales sin Servicio espec\u00edfico de da\u00f1o cerebral.<\/p>\r\n<p>Atenci\u00f3n rehabilitadora a los ictus en <strong>Unidades de convalecencia<\/strong>.\u00a0Son de implantaci\u00f3n creciente en los medios sanitario y sociosanitario. Tienen su raz\u00f3n de ser en la necesidad de seguir cuidando de personas que, tras su paso por un hospital general, siguen requiriendo cuidados m\u00e9dicos y de enfermer\u00eda durante semanas o meses hasta completar su recuperaci\u00f3n. Un grupo de estos pacientes son personas mayores que han sufrido un ictus. Estos pacientes comparten la Unidad con otros tipos de problem\u00e1ticas de salud: problemas traumatol\u00f3gicos, cardiorrespiratorios, convalecencias quir\u00fargicas. Los pacientes con ictus en nuestras Unidades de convalecencia tienen un programa de atenci\u00f3n y rehabilitaci\u00f3n diferenciado.<\/p>\r\n<p>Nuestros <strong>Centros de d\u00eda polivalentes<\/strong> son centros de d\u00eda para personas con discapacidad intelectual que integran a algunas personas con da\u00f1o cerebral. En otros casos son centros de d\u00eda sociosanitarios polivalentes, que integran la rehabilitaci\u00f3n de ictus, con rehabilitaci\u00f3n de patolog\u00edas traumatol\u00f3gicas, cardiacas, respiratorias o quir\u00fargicas, con programas espec\u00edficos.<\/p>\r\n<p>*Se puede consultar y descargar la Memoria de la <strong>Red de Da\u00f1o Cerebral y Neurorrehabilitaci\u00f3n de Fundaci\u00f3n Hospitalarias<\/strong> 2025 en este <a href=\"https:\/\/xn--daocerebral-2db.es\/wp-content\/uploads\/2026\/09\/HH_Memoria_DanoCerebral_2025_04-DEFINITIVA.pdf\" target=\"_blank\" rel=\"noopener\">enlace de nuestra web y en la foto de la portada<\/a>. Debajo, las memorias de los ejercicios anteriores.\u00a0<\/p>\r\n<p>&nbsp;<\/p>\r\n<hr \/>\r\n<p><iframe loading=\"lazy\" class=\"scribd_iframe_embed\" tabindex=\"0\" title=\"Memoria Red Menni 2024: un a\u00f1o de planificaci\u00f3n\" src=\"https:\/\/www.scribd.com\/embeds\/931130792\/content?start_page=1&amp;view_mode=scroll&amp;access_key=key-EslUHWMki63Cy0Gqogcy\" width=\"400\" height=\"600\" frameborder=\"0\" scrolling=\"no\" data-auto-height=\"false\" data-aspect-ratio=\"0.8757281553398059\"><\/iframe><\/p>\r\n<p style=\"margin: 12px auto 6px auto; font-family: Helvetica,Arial,Sans-serif; font-size: 14px; line-height: normal; display: block;\"><a style=\"color: #098642; text-decoration: underline;\" title=\"View Memoria Red Menni 2024: un a\u00f1o de planificaci\u00f3n on Scribd\" href=\"https:\/\/es.scribd.com\/document\/931130792\/Memoria-Red-Menni-2024-un-ano-de-planificacion#from_embed\" target=\"_blank\" rel=\"noopener\"> Memoria Red Menni 2024: un a\u00f1o de planificaci\u00f3n <\/a> by <a style=\"color: #098642; text-decoration: underline;\" title=\"View Red Menni de Da\u00f1o Cerebral&#039;s profile on Scribd\" href=\"https:\/\/es.scribd.com\/user\/90778334\/Red-Menni-de-Dano-Cerebral#from_embed\" target=\"_blank\" rel=\"noopener\"> Red Menni de Da\u00f1o Cerebral <\/a><\/p>\r\n<p style=\"margin: 12px auto 6px auto; font-family: Helvetica,Arial,Sans-serif; font-size: 14px; line-height: normal; display: block;\">\u00a0<\/p>\r\n<p>&nbsp;<\/p>\r\n<p><iframe loading=\"lazy\" class=\"scribd_iframe_embed\" tabindex=\"0\" title=\"Memoria 2023 Red Menni de Da\u00f1o Cerebral de Hermanas Hospitalarias\" src=\"https:\/\/www.scribd.com\/embeds\/740924268\/content?start_page=1&amp;view_mode=scroll&amp;access_key=key-ZnYDkml6eCcBMtqpRzoz\" width=\"400\" height=\"600\" frameborder=\"0\" scrolling=\"no\" data-auto-height=\"false\" data-aspect-ratio=\"0.8757281553398059\"><\/iframe><\/p>\r\n<p style=\"margin: 12px auto 6px auto; font-family: Helvetica,Arial,Sans-serif; font-size: 14px; line-height: normal; display: block;\"><a style=\"color: #098642; text-decoration: underline;\" title=\"View Memoria 2023 Red Menni de Da\u00f1o Cerebral de Hermanas Hospitalarias on Scribd\" href=\"https:\/\/www.scribd.com\/document\/740924268\/Memoria-2023-Red-Menni-de-Dano-Cerebral-de-Hermanas-Hospitalarias#from_embed\" target=\"_blank\" rel=\"noopener\"> Memoria 2023 Red Menni de Da\u00f1o Cerebral de Hermanas Hospitalarias <\/a> by <a style=\"color: #098642; text-decoration: underline;\" title=\"View Red Menni de Da\u00f1o Cerebral&#039;s profile on Scribd\" href=\"https:\/\/www.scribd.com\/user\/90778334\/Red-Menni-de-Dano-Cerebral#from_embed\" target=\"_blank\" rel=\"noopener\"> Red Menni de Da\u00f1o Cerebral <\/a><\/p>\r\n<p style=\"margin: 12px auto 6px auto; font-family: Helvetica,Arial,Sans-serif; font-style: normal; font-variant: normal; font-weight: normal; font-size: 14px; line-height: normal; font-size-adjust: none; font-stretch: normal; -x-system-font: none; display: block;\"><a style=\"text-decoration: underline;\" title=\"View Memoria 2023 Red Menni de Da\u00f1o Cerebral de Hermanas Hospitalarias on Scribd\" href=\"https:\/\/www.scribd.com\/document\/740924268\/Memoria-2023-Red-Menni-de-Dano-Cerebral-de-Hermanas-Hospitalarias#from_embed\" target=\"_blank\" rel=\"noopener\">Memoria 2023 Red Menni de D&#8230;<\/a> by <a style=\"text-decoration: underline;\" title=\"View Red Menni de Da\u00f1o Cerebral&#039;s profile on Scribd\" href=\"https:\/\/www.scribd.com\/user\/90778334\/Red-Menni-de-Dano-Cerebral#from_embed\" target=\"_blank\" rel=\"noopener\">Red Menni de Da\u00f1o Cerebral<\/a><\/p>\r\n<p>&nbsp;<\/p>\r\n<p><iframe loading=\"lazy\" class=\"scribd_iframe_embed\" tabindex=\"0\" title=\"Memoria 2022 Red Menni de Da\u00f1o Cerebral de Hermanas Hospitalarias \" src=\"https:\/\/www.scribd.com\/embeds\/677906204\/content?start_page=1&amp;view_mode=scroll&amp;access_key=key-cekv5PMgR2WzLAvhcUxV\" width=\"400\" height=\"600\" frameborder=\"0\" scrolling=\"no\" data-auto-height=\"false\" data-aspect-ratio=\"0.8757281553398059\"><\/iframe><\/p>\r\n<h4><a href=\"https:\/\/xn--daocerebral-2db.es\/wp-content\/uploads\/2023\/10\/MEMORIA-HOSPITALARIAS_dano-cerebral_2022-v03.pdf\" target=\"_blank\" rel=\"noopener\"><strong>MEMORIA 2022: puesta en com\u00fan y definici\u00f3n de m\u00e9todos de trabajo homog\u00e9neos<\/strong><\/a><\/h4>\r\n<p style=\"margin: 12px auto 6px auto; font-family: Helvetica,Arial,Sans-serif; font-style: normal; font-variant: normal; font-weight: normal; font-size: 14px; line-height: normal; font-size-adjust: none; font-stretch: normal; -x-system-font: none; display: block;\"><a style=\"text-decoration: underline;\" title=\"View Memoria 2022 Red Menni de Da\u00f1o Cerebral de Hermanas Hospitalarias  on Scribd\" href=\"https:\/\/www.scribd.com\/document\/677906204\/Memoria-2022-Red-Menni-de-Dano-Cerebral-de-Hermanas-Hospitalarias#from_embed\" target=\"_blank\" rel=\"noopener\">Memoria 2022 Red Menni de D&#8230;<\/a> by <a style=\"text-decoration: underline;\" title=\"View Red Menni de Da\u00f1o Cerebral&#039;s profile on Scribd\" href=\"https:\/\/www.scribd.com\/user\/90778334\/Red-Menni-de-Dano-Cerebral#from_embed\" target=\"_blank\" rel=\"noopener\">Red Menni de Da\u00f1o Cerebral<\/a><\/p>\r\n<p>&nbsp;<\/p>\r\n<h4>\u00a0<\/h4>\r\n<p><iframe loading=\"lazy\" class=\"scribd_iframe_embed\" tabindex=\"0\" title=\"Memoria 2021 de la Red Menni de Da\u00f1o Cerebral: retomando y reimpulsando proyectos pioneros\" src=\"https:\/\/www.scribd.com\/embeds\/594118405\/content?start_page=1&amp;view_mode=scroll&amp;access_key=key-2sdGZ8PCFg1M9XpCUUFE\" width=\"400\" height=\"600\" frameborder=\"0\" scrolling=\"no\" data-auto-height=\"false\" data-aspect-ratio=\"0.8757281553398059\" data-mce-fragment=\"1\"><\/iframe><\/p>\r\n<h4><a href=\"https:\/\/xn--daocerebral-2db.es\/wp-content\/uploads\/2022\/09\/MEMORIA-HOSPITALARIAS_dano-cerebral_2021-v03.pdf\" target=\"_blank\" rel=\"noopener\"><strong>MEMORIA 2021: retomando y reimpulsando proyectos pioneros<\/strong><\/a><\/h4>\r\n<p style=\"margin: 12px auto 6px auto; font-family: Helvetica,Arial,Sans-serif; font-style: normal; font-variant: normal; font-weight: normal; font-size: 14px; line-height: normal; font-size-adjust: none; font-stretch: normal; -x-system-font: none; display: block;\"><a style=\"text-decoration: underline;\" title=\"View Memoria 2021 de la Red Menni de Da\u00f1o Cerebral: retomando y reimpulsando proyectos pioneros on Scribd\" href=\"https:\/\/www.scribd.com\/document\/594118405\/Memoria-2021-de-la-Red-Menni-de-Dano-Cerebral-retomando-y-reimpulsando-proyectos-pioneros#from_embed\" target=\"_blank\" rel=\"noopener\">Memoria 2021 de la Red Menn&#8230;<\/a> by <a style=\"text-decoration: underline;\" title=\"View Red Menni de Da\u00f1o Cerebral&#039;s profile on Scribd\" href=\"https:\/\/www.scribd.com\/user\/90778334\/Red-Menni-de-Dano-Cerebral#from_embed\" target=\"_blank\" rel=\"noopener\">Red Menni de Da\u00f1o Cerebral<\/a><\/p>\r\n<h4>\u00a0<\/h4>\r\n<p><iframe loading=\"lazy\" class=\"scribd_iframe_embed\" tabindex=\"0\" title=\"Memoria Red Menni DCA 2020\" src=\"https:\/\/www.scribd.com\/embeds\/533195095\/content?start_page=1&amp;view_mode=scroll&amp;access_key=key-1IE3VAsgPOaGVbC1j6KP\" width=\"400\" height=\"600\" frameborder=\"0\" scrolling=\"no\" data-auto-height=\"false\" data-aspect-ratio=\"0.8757281553398059\" data-mce-fragment=\"1\"><\/iframe><\/p>\r\n<p style=\"margin: 12px auto 6px auto; font-family: Helvetica,Arial,Sans-serif; font-style: normal; font-variant: normal; font-weight: normal; font-size: 14px; line-height: normal; font-size-adjust: none; font-stretch: normal; -x-system-font: none; display: block;\">\u00a0<\/p>\r\n<h4><a href=\"https:\/\/xn--daocerebral-2db.es\/wp-content\/uploads\/2021\/10\/Memoria-Red-Menni-DCA_V3OK.pdf\" target=\"_blank\" rel=\"noopener\"><strong>MEMORIA 2020: atenci\u00f3n al DCA en un a\u00f1o marcado por el COVID-19<\/strong><\/a><\/h4>\r\n<p style=\"margin: 12px auto 6px auto; font-family: Helvetica,Arial,Sans-serif; font-style: normal; font-variant: normal; font-weight: normal; font-size: 14px; line-height: normal; font-size-adjust: none; font-stretch: normal; -x-system-font: none; display: block;\"><a style=\"text-decoration: underline;\" title=\"View Memoria Red Menni DCA 2020 on Scribd\" href=\"https:\/\/www.scribd.com\/document\/533195095\/Memoria-Red-Menni-DCA-2020#from_embed\" target=\"_blank\" rel=\"noopener\">Memoria Red Menni DCA 2020<\/a> by <a style=\"text-decoration: underline;\" title=\"View Red Menni de Da\u00f1o Cerebral&#039;s profile on Scribd\" href=\"https:\/\/www.scribd.com\/user\/90778334\/Red-Menni-de-Dano-Cerebral#from_embed\" target=\"_blank\" rel=\"noopener\">Red Menni de Da\u00f1o Cerebral<\/a><\/p>\r\n<hr \/>\r\n<h4>\u00a0<\/h4>\r\n<p><iframe loading=\"lazy\" class=\"scribd_iframe_embed\" tabindex=\"0\" title=\"Memoria Hermanas Hospitalarias Da\u00f1o Cerebral 2019\" src=\"https:\/\/www.scribd.com\/embeds\/475974063\/content?start_page=1&amp;view_mode=scroll&amp;access_key=key-ZD9x8vQUom2arDpSH7kD\" width=\"400\" height=\"600\" frameborder=\"0\" scrolling=\"no\" data-auto-height=\"false\" data-aspect-ratio=\"0.8825831702544031\"><\/iframe><\/p>\r\n<h4><a href=\"https:\/\/xn--daocerebral-2db.es\/wp-content\/uploads\/2020\/09\/MEMORIA-HOSPITALARIAS_dano-cerebral_2019.pdf\" target=\"_blank\" rel=\"noopener\"><strong>MEMORIA 2019: 28 a\u00f1os de especializaci\u00f3n en da\u00f1o cerebral adquirido<\/strong><\/a><\/h4>\r\n<p style=\"margin: 12px auto 6px auto; font-family: Helvetica,Arial,Sans-serif; font-style: normal; font-variant: normal; font-weight: normal; font-size: 14px; line-height: normal; font-size-adjust: none; font-stretch: normal; -x-system-font: none; display: block;\"><a style=\"text-decoration: underline;\" title=\"View Memoria Hermanas Hospitalarias Da\u00f1o Cerebral 2019 on Scribd\" href=\"https:\/\/www.scribd.com\/document\/475974063\/Memoria-Hermanas-Hospitalarias-Dano-Cerebral-2019#from_embed\" target=\"_blank\" rel=\"noopener\">Memoria Hermanas Hospitalar&#8230;<\/a> by <a href=\"https:\/\/es.scribd.com\/document\/475974063\/Memoria-Hermanas-Hospitalarias-Dano-Cerebral-2019#from_embed\" target=\"_blank\" rel=\"noopener\">Red Menni de Da\u00f1o Cerebral<\/a><\/p>\r\n<h4>\u00a0<\/h4>\r\n<p><iframe loading=\"lazy\" class=\"scribd_iframe_embed\" title=\"Memoria de la Red Menni de Da\u00f1o Cerebral de Hermanas Hospitalarias 2018 \" src=\"https:\/\/www.scribd.com\/embeds\/416275479\/content?start_page=1&amp;view_mode=scroll&amp;access_key=key-pXLy9gYfg7p5WTbxLE35\" width=\"400\" height=\"600\" frameborder=\"0\" scrolling=\"no\" data-auto-height=\"false\" data-aspect-ratio=\"0.8757281553398059\" data-mce-fragment=\"1\"><\/iframe><\/p>\r\n<p style=\"margin: 12px auto 6px auto; font-family: Helvetica,Arial,Sans-serif; font-style: normal; font-variant: normal; font-weight: normal; font-size: 14px; line-height: normal; font-size-adjust: none; font-stretch: normal; -x-system-font: none; display: block;\">\u00a0<\/p>\r\n<h4><a href=\"https:\/\/xn--daocerebral-2db.es\/wp-content\/uploads\/2019\/07\/MEMORIA-danocerebral-web.pdf\" target=\"_blank\" rel=\"noopener\"><strong>MEMORIA 2018: rehabilitaci\u00f3n y cuidado de personas con da\u00f1o cerebral<\/strong><\/a><\/h4>\r\n<p style=\"margin: 12px auto 6px auto; font-family: Helvetica,Arial,Sans-serif; font-style: normal; font-variant: normal; font-weight: normal; font-size: 14px; line-height: normal; font-size-adjust: none; font-stretch: normal; -x-system-font: none; display: block;\"><a style=\"text-decoration: underline;\" title=\"View Memoria de la Red Menni de Da\u00f1o Cerebral de Hermanas Hospitalarias 2018 on Scribd\" href=\"https:\/\/www.scribd.com\/document\/416275479\/Memoria-de-la-Red-Menni-de-Dano-Cerebral-de-Hermanas-Hospitalarias-2018#from_embed\" target=\"_blank\" rel=\"noopener\">Memoria de la Red Menni de &#8230;<\/a> by <a style=\"text-decoration: underline;\" title=\"View Red Menni de Da\u00f1o Cerebral&#039;s profile on Scribd\" href=\"https:\/\/www.scribd.com\/user\/90778334\/Red-Menni-de-Dano-Cerebral#from_embed\" target=\"_blank\" rel=\"noopener\">Red Menni de Da\u00f1o Cerebral<\/a><\/p>\r\n<p style=\"margin: 12px auto 6px auto; font-family: Helvetica,Arial,Sans-serif; font-style: normal; font-variant: normal; font-weight: normal; font-size: 14px; line-height: normal; font-size-adjust: none; font-stretch: normal; -x-system-font: none; display: block;\">\u00a0<\/p>\r\n<h4><span style=\"color: #72787c;\">\r\n\r\n\r\n\r\n\r\n\r\n\r\n\r\n\r\n\r\n\r\n\r\n\r\n\r\n\r\n\r\n\r\n\r\n\r\n\r\n\r\n\r\n\r\n\r\n\r\n\r\n\r\n\r\n\r\n\r\n\r\n\r\n\r\n\r\n\r\n\r\n\r\n\r\n\r\n\r\n<\/span><\/h4>","protected":false},"excerpt":{"rendered":"<p>Transferencia de conocimiento, mejora de los procedimientos cotidianos y mayor identificaci\u00f3n de nuestros equipos con la Red En 2025 iniciamos una nueva etapa como Red de Da\u00f1o Cerebral y Neurorrehabilitaci\u00f3n de Fundaci\u00f3n Hospitalarias, bajo un paraguas institucional unificado. Fue tambi\u00e9n nuestro primer a\u00f1o completo de trabajo de la Comisi\u00f3n Ejecutiva y de despliegue del Plan&hellip;<\/p>\n","protected":false},"author":3,"featured_media":61831,"parent":0,"menu_order":0,"comment_status":"closed","ping_status":"closed","template":"","meta":{"footnotes":""},"class_list":["post-45629","page","type-page","status-publish","has-post-thumbnail","hentry","description-off"],"_links":{"self":[{"href":"https:\/\/xn--daocerebral-2db.es\/ca\/wp-json\/wp\/v2\/pages\/45629","targetHints":{"allow":["GET"]}}],"collection":[{"href":"https:\/\/xn--daocerebral-2db.es\/ca\/wp-json\/wp\/v2\/pages"}],"about":[{"href":"https:\/\/xn--daocerebral-2db.es\/ca\/wp-json\/wp\/v2\/types\/page"}],"author":[{"embeddable":true,"href":"https:\/\/xn--daocerebral-2db.es\/ca\/wp-json\/wp\/v2\/users\/3"}],"replies":[{"embeddable":true,"href":"https:\/\/xn--daocerebral-2db.es\/ca\/wp-json\/wp\/v2\/comments?post=45629"}],"version-history":[{"count":23,"href":"https:\/\/xn--daocerebral-2db.es\/ca\/wp-json\/wp\/v2\/pages\/45629\/revisions"}],"predecessor-version":[{"id":99615,"href":"https:\/\/xn--daocerebral-2db.es\/ca\/wp-json\/wp\/v2\/pages\/45629\/revisions\/99615"}],"wp:featuredmedia":[{"embeddable":true,"href":"https:\/\/xn--daocerebral-2db.es\/ca\/wp-json\/wp\/v2\/media\/61831"}],"wp:attachment":[{"href":"https:\/\/xn--daocerebral-2db.es\/ca\/wp-json\/wp\/v2\/media?parent=45629"}],"curies":[{"name":"wp","href":"https:\/\/api.w.org\/{rel}","templated":true}]}}